{"id":109,"date":"2013-01-05T21:43:42","date_gmt":"2013-01-05T20:43:42","guid":{"rendered":"http:\/\/localhost:8888\/wordpress\/?page_id=109"},"modified":"2025-01-06T22:18:11","modified_gmt":"2025-01-06T21:18:11","slug":"ku-germany","status":"publish","type":"page","link":"https:\/\/www.ku-germany.de\/wordpress\/?page_id=109","title":{"rendered":"KU Germany"},"content":{"rendered":"<p>Auf dieser Seite finden Sie eine \u00dcbersicht\u00a0aktiver und offiziell registrierter KU d\u00f4j\u00f4 und study groups in grafischer Darstellung und alphabetischer Reihenfolge des Trainingsortes.<\/p>\n<p><!-- Responsive iFrame --><\/p>\n<div class=\"responsive-iframe-container\"><iframe loading=\"lazy\" src=\"https:\/\/mapsengine.google.com\/map\/embed?mid=zSfdI7BWgNz4.kafHesTVOI9I\" width=\"300\" height=\"150\" frameborder=\"0\"><br \/>\nwebkitAllowFullScreen mozallowfullscreen allowFullScreen&gt;<br \/><\/iframe><\/div>\n<p><img loading=\"lazy\" decoding=\"async\" class=\"wp-image-403 alignleft\" style=\"margin-left: 0px; margin-right: 20px;\" title=\"KU-Logo\" src=\"https:\/\/www.ku-germany.de\/wordpress\/wp-content\/uploads\/ku_logo_NoKanji_67x100.png\" alt=\"KU-Logo\" width=\"43\" height=\"64\" \/><strong>Deutsche Vertretung des Kory\u00fb Uchin\u00e2di (Augsburg, Bayern)<\/strong><br \/>shibu ch\u00f4: <a href=\"mailto:olaf.krey@ku-germany.de\">Olaf Krey<\/a><br \/>Internetauftritt: <a title=\"Koryu Uchinadi Germany\" href=\"https:\/\/ku-germany.de\">www.ku-germany.de\/<\/a><\/p>\n<p><img loading=\"lazy\" decoding=\"async\" class=\"wp-image-403 alignleft\" style=\"margin-left: 0px; margin-right: 20px;\" title=\"KU-Logo\" src=\"https:\/\/www.ku-germany.de\/wordpress\/wp-content\/uploads\/ku_logo_NoKanji_67x100.png\" alt=\"KU-Logo\" width=\"43\" height=\"64\" \/><strong>Kory\u00fbkan Bayreuth, Bayern im Taidokan<\/strong><br \/>D\u00f4j\u00f4leiterin: Dinah Kretschmer Renshi<br \/>Internetauftritt: <a title=\"Koryukan Bayreuth\" href=\"https:\/\/www.kampfkunst-bayreuth.de\/\" target=\"_blank\" rel=\"noopener noreferrer\">www.kampfkunst-bayreuth.de\/<\/a><\/p>\n<p><img loading=\"lazy\" decoding=\"async\" class=\"wp-image-403 alignleft\" style=\"margin-left: 0px; margin-right: 20px;\" title=\"KU-Logo\" src=\"https:\/\/www.ku-germany.de\/wordpress\/wp-content\/uploads\/ku_logo_NoKanji_67x100.png\" alt=\"KU-Logo\" width=\"43\" height=\"64\" \/><strong><strong>Kory\u00fbkan<\/strong> Berlin<\/strong><br \/>D\u00f4j\u00f4leiter: Leonhard Purf\u00fcrst*<br \/>Internetauftritt: <a href=\"https:\/\/www.sc-borussia.de\/abteilungen\/karate\/\" target=\"_blank\" rel=\"noopener\">www.sc-borussia.de\/abteilungen\/karate\/<\/a><\/p>\n<p><img loading=\"lazy\" decoding=\"async\" class=\"wp-image-403 alignleft\" style=\"margin-left: 0px; margin-right: 20px;\" title=\"KU-Logo\" src=\"https:\/\/www.ku-germany.de\/wordpress\/wp-content\/uploads\/ku_logo_NoKanji_67x100.png\" alt=\"KU-Logo\" width=\"43\" height=\"64\" \/><strong><strong>Kory\u00fbkan<\/strong> Berlin-Reinickendorf<\/strong><br \/>D\u00f4j\u00f4leiter: Michael Stark*<br \/>Internetauftritt: <a title=\"Koryukan Berlin\" href=\"https:\/\/www.koryukan-berlin-reinickendorf.de\/\">www.koryukan-berlin-reinickendorf.de<\/a><\/p>\n<p><!--\n<img loading=\"lazy\" decoding=\"async\" class=\"wp-image-403 alignleft\" style=\"margin-left: 0px; margin-right: 20px;\" title=\"KU-Logo\" src=\"https:\/\/www.ku-germany.de\/wordpress\/wp-content\/uploads\/ku_logo_NoKanji_67x100.png\" alt=\"KU-Logo\" width=\"43\" height=\"64\" \/><strong><strong>Kory\u00fbkan<\/strong> Bielefeld, NRW: Joriki-D\u00f4j\u00f4<\/strong>\nD\u00f4j\u00f4leiter\/in: Marc Vogt und Andrea Polzien\nInternetauftritt: <a title=\"Koryuk\u00e2n Bielefeld\" href=\"https:\/\/www.karate-bielefeld.de\">https:\/\/www.karate-bielefeld.de<\/a>\n--><\/p>\n<p><img loading=\"lazy\" decoding=\"async\" class=\"wp-image-403 alignleft\" style=\"margin-left: 0px; margin-right: 20px;\" title=\"KU-Logo\" src=\"https:\/\/www.ku-germany.de\/wordpress\/wp-content\/uploads\/ku_logo_NoKanji_67x100.png\" alt=\"KU-Logo\" width=\"43\" height=\"64\" \/><strong>KU Study Group Bielefeld, NRW<\/strong><br \/>D\u00f4j\u00f4leiter\/in: <a href=\"mailto:an.eggert1@gmail.com\">Anita Eggert<\/a><br \/>Internetauftritt: &#8212;<\/p>\n<p><!--\n<img loading=\"lazy\" decoding=\"async\" class=\"wp-image-403 alignleft\" style=\"margin-left: 0px; margin-right: 20px;\" title=\"KU-Logo\" src=\"https:\/\/www.ku-germany.de\/wordpress\/wp-content\/uploads\/ku_logo_NoKanji_67x100.png\" alt=\"KU-Logo\" width=\"43\" height=\"64\" \/><strong>Kory\u00fbkan Bocholt, NRW<\/strong>\nD\u00f4j\u00f4leiter: Ulrich Uckert*\nInternetauftritt: <a title=\"Koryuk\u00e2n Bocholt\" href=\"https:\/\/www.karate-bocholt.de\"> https:\/\/www.karate-bocholt.de<\/a>\n<img loading=\"lazy\" decoding=\"async\" class=\"wp-image-403 alignleft\" style=\"margin-left: 0px; margin-right: 20px;\" title=\"KU-Logo\" src=\"https:\/\/www.ku-germany.de\/wordpress\/wp-content\/uploads\/ku_logo_NoKanji_67x100.png\" alt=\"KU-Logo\" width=\"43\" height=\"64\" \/><strong><strong>Kory\u00fbkan<\/strong> Chemnitz, Sachsen<\/strong>\nD\u00f4j\u00f4leiter: Sven K\u00f6hler Shidoin\nInternetauftritt: <a title=\"Koryuk\u00e2n Chemnitz\" href=\"https:\/\/www.koryukan-chemnitz.de\">www.koryukan-chemnitz.de<\/a>\n--><\/p>\n<p><img loading=\"lazy\" decoding=\"async\" class=\"wp-image-403 alignleft\" style=\"margin-left: 0px; margin-right: 20px;\" title=\"KU-Logo\" src=\"https:\/\/www.ku-germany.de\/wordpress\/wp-content\/uploads\/ku_logo_NoKanji_67x100.png\" alt=\"KU-Logo\" width=\"43\" height=\"64\" \/><strong><strong>Kory\u00fbkan<\/strong> Dresden, Sachsen<\/strong><br \/>D\u00f4j\u00f4leiter: Sascha Ringel<br \/>Internetauftritt: <a title=\"Koryuk\u00e2n Dresden\" href=\"https:\/\/www.karate-do-dresden.de\/\">https:\/\/www.karate-do-dresden.de\/<\/a><\/p>\n<p><img loading=\"lazy\" decoding=\"async\" class=\"wp-image-403 alignleft\" style=\"margin-left: 0px; margin-right: 20px;\" title=\"KU-Logo\" src=\"https:\/\/www.ku-germany.de\/wordpress\/wp-content\/uploads\/ku_logo_NoKanji_67x100.png\" alt=\"KU-Logo\" width=\"43\" height=\"64\" \/><strong><strong>Kory\u00fbkan<\/strong> Fritzlar, Hessen<\/strong><br \/>D\u00f4j\u00f4leiter: Hans-Joachim Engewald*<br \/>Internetauftritt: <a title=\"Koryuk\u00e2n Frtzlar\" href=\"https:\/\/www.karate-fritzlar.de\">www.karate-fritzlar.de<\/a><\/p>\n<p><img loading=\"lazy\" decoding=\"async\" class=\"wp-image-403 alignleft\" style=\"margin-left: 0px; margin-right: 20px;\" title=\"KU-Logo\" src=\"https:\/\/www.ku-germany.de\/wordpress\/wp-content\/uploads\/ku_logo_NoKanji_67x100.png\" alt=\"KU-Logo\" width=\"43\" height=\"64\" \/><strong>Kory\u00fbkan Fulda, Hessen<\/strong><br \/>D\u00f4j\u00f4leiter: Mathias Sch\u00e4fer<br \/>Internetauftritt: <a title=\"Koryuk\u00e2n Frtzlar\" href=\"http:\/\/www.koryukan-fulda.de\/\">www.koryukan-fulda.de<\/a><\/p>\n<p><img loading=\"lazy\" decoding=\"async\" class=\"wp-image-403 alignleft\" style=\"margin-left: 0px; margin-right: 20px;\" title=\"KU-Logo\" src=\"https:\/\/www.ku-germany.de\/wordpress\/wp-content\/uploads\/ku_logo_NoKanji_67x100.png\" alt=\"KU-Logo\" width=\"43\" height=\"64\" \/><strong><strong>Kory\u00fbkan<\/strong> G\u00e4rtringen, Baden W\u00fcrttemberg<\/strong><br \/>D\u00f4j\u00f4leiterin: Steve Mirke<br \/>Internetauftritt: <a title=\"Koryuk\u00e2n G\u00e4rtringen\" href=\"https:\/\/xn--karate-grtringen-2nb.de\/\">https:\/\/www.karate-g\u00e4rtringen.de\/<\/a><\/p>\n<p><img loading=\"lazy\" decoding=\"async\" class=\"wp-image-403 alignleft\" style=\"margin-left: 0px; margin-right: 20px;\" title=\"KU-Logo\" src=\"https:\/\/www.ku-germany.de\/wordpress\/wp-content\/uploads\/ku_logo_NoKanji_67x100.png\" alt=\"KU-Logo\" width=\"43\" height=\"64\" \/><strong><strong>Kory\u00fbkan<\/strong> Gr\u00e4fenhainichen, Sachsen-Anhalt<\/strong><br \/>D\u00f4j\u00f4leiter: Maik D\u00f6ring*<br \/>Internetauftritt: <a title=\"Koryuk\u00e2n Gr\u00e4fenhainichen\" href=\"https:\/\/ksc-ghc.de\/\">https:\/\/ksc-ghc.de\/<\/a><\/p>\n<p><img loading=\"lazy\" decoding=\"async\" class=\"wp-image-403 alignleft\" style=\"margin-left: 0px; margin-right: 20px;\" title=\"KU-Logo\" src=\"https:\/\/www.ku-germany.de\/wordpress\/wp-content\/uploads\/ku_logo_NoKanji_67x100.png\" alt=\"KU-Logo\" width=\"43\" height=\"64\" \/><strong><strong>Kory\u00fbkan<\/strong> Ha\u00dfloch, Rheinland Pfalz<\/strong><br \/>D\u00f4j\u00f4leiter: Yvonne Otterst\u00e4tter, Manuel Weinzierl<br \/>Internetauftritt: <a title=\"Koryuk\u00e2n Ha\u00dfloch\" href=\"http:\/\/www.koryukan-hassloch.de\/\">www.koryukan-hassloch.de<\/a><\/p>\n<p><img loading=\"lazy\" decoding=\"async\" class=\"wp-image-403 alignleft\" style=\"margin-left: 0px; margin-right: 20px;\" title=\"KU-Logo\" src=\"https:\/\/www.ku-germany.de\/wordpress\/wp-content\/uploads\/ku_logo_NoKanji_67x100.png\" alt=\"KU-Logo\" width=\"43\" height=\"64\" \/><strong><strong>Kory\u00fbkan<\/strong> Kempen, NRW<\/strong><br \/>D\u00f4j\u00f4leiter: Wolfgang Stenmans<br \/>Internetauftritt: <a title=\"Koryuk\u00e2n Kempen\" href=\"https:\/\/www.vt-kempen.de\/live\/site\/sportangebot\/karate\/index.php\">Koryuk\u00e2n Kempen<\/a><\/p>\n<p><img loading=\"lazy\" decoding=\"async\" class=\"wp-image-403 alignleft\" style=\"margin-left: 0px; margin-right: 20px;\" title=\"KU-Logo\" src=\"https:\/\/www.ku-germany.de\/wordpress\/wp-content\/uploads\/ku_logo_NoKanji_67x100.png\" alt=\"KU-Logo\" width=\"43\" height=\"64\" \/><strong><strong>Kory\u00fbkan<\/strong> K\u00f6nigsbr\u00fcck, Sachsen: Kampfkunstschule F\u00fbry\u00fb<\/strong><br \/>D\u00f4j\u00f4leiter: Hendrik Felber Renshi<br \/>Internetauftritt: <a title=\"Koryuk\u00e2n K\u00f6nigsbr\u00fcck\" href=\"https:\/\/www.furyu.de\">www.furyu.de<\/a><\/p>\n<p><img loading=\"lazy\" decoding=\"async\" class=\"wp-image-403 alignleft\" style=\"margin-left: 0px; margin-right: 20px;\" title=\"KU-Logo\" src=\"https:\/\/www.ku-germany.de\/wordpress\/wp-content\/uploads\/ku_logo_NoKanji_67x100.png\" alt=\"KU-Logo\" width=\"43\" height=\"64\" \/><strong>Okinawa Dojo Gro\u00dfostheim, Bayern<\/strong><br \/>D\u00f4j\u00f4leiter: <a href=\"mailto:as@dokan-main.de\">Andreas Seredin<\/a>*<br \/>Internetauftritt: <a title=\"Okinawa Dojo Traditionelles Karate e.V.\" href=\"https:\/\/www.dokan-main.de\/\">www.dokan-main.de<\/a><\/p>\n<p><img loading=\"lazy\" decoding=\"async\" class=\"wp-image-403 alignleft\" style=\"margin-left: 0px; margin-right: 20px;\" title=\"KU-Logo\" src=\"https:\/\/www.ku-germany.de\/wordpress\/wp-content\/uploads\/ku_logo_NoKanji_67x100.png\" alt=\"KU-Logo\" width=\"43\" height=\"64\" \/><strong>Kory\u00fbkan Potsdam<\/strong><br \/>D\u00f4j\u00f4leiter*in: Tanja Dreyer und Jan Klodt<br \/>Internetauftritt: <a title=\"Koryuk\u00e2n Potsdam\" href=\"https:\/\/koryukan-potsdam.de\">www.koryukan-potsdam.de<\/a><br \/><!--\n<img loading=\"lazy\" decoding=\"async\" class=\"wp-image-403 alignleft\" style=\"margin-left: 0px; margin-right: 20px;\" title=\"KU-Logo\" src=\"https:\/\/www.ku-germany.de\/wordpress\/wp-content\/uploads\/ku_logo_NoKanji_67x100.png\" alt=\"KU-Logo\" width=\"43\" height=\"64\" \/><strong><strong>Kory\u00fbkan<\/strong> Traben-Trarbach,\u00a0<strong>Rheinland Pfalz<\/strong><\/strong>\nD\u00f4j\u00f4leiterin: Anne Schnitzius*\n--><br \/><img loading=\"lazy\" decoding=\"async\" class=\"wp-image-403 alignleft\" style=\"margin-left: 0px; margin-right: 20px;\" title=\"KU-Logo\" src=\"https:\/\/www.ku-germany.de\/wordpress\/wp-content\/uploads\/ku_logo_NoKanji_67x100.png\" alt=\"KU-Logo\" width=\"43\" height=\"64\" \/><strong>KU Study Group Wiesbaden, Hessen<\/strong><br \/>D\u00f4j\u00f4leiterin: <a href=\"mailto:a.moegel@gmx.de\">Angela M\u00f6gel<\/a><br \/>Internetauftritt: &#8212;<\/p>\n<p><img loading=\"lazy\" decoding=\"async\" class=\"wp-image-403 alignleft\" style=\"margin-left: 0px; margin-right: 20px;\" title=\"KU-Logo\" src=\"https:\/\/www.ku-germany.de\/wordpress\/wp-content\/uploads\/ku_logo_NoKanji_67x100.png\" alt=\"KU-Logo\" width=\"43\" height=\"64\" \/><strong><strong>Kory\u00fbkan<\/strong> Willich, NRW<\/strong><br \/>D\u00f4j\u00f4leiter: Andreas Reifel Shidoin<br \/>Internetauftritt: <a title=\"Koryuk\u00e2n Willich\" href=\"https:\/\/www.koryukan-willich.de\">https:\/\/www.koryukan-willich.de<\/a><\/p>\n<p><img loading=\"lazy\" decoding=\"async\" class=\"wp-image-403 alignleft\" style=\"margin-left: 0px; margin-right: 20px;\" title=\"KU-Logo\" src=\"https:\/\/www.ku-germany.de\/wordpress\/wp-content\/uploads\/ku_logo_NoKanji_67x100.png\" alt=\"KU-Logo\" width=\"43\" height=\"64\" \/><strong><strong>Kory\u00fbkan<\/strong> Zittau, Sachsen: Karated\u00f4j\u00f4 Otomo<\/strong><br \/>D\u00f4j\u00f4leiter: Dominik Richter<br \/>Internetauftritt: <a title=\"Koryuk\u00e2n Zittau\" href=\"https:\/\/www.otomo-zittau.de\/\">www.otomo-zittau.de\/<\/a><\/p>\n<p>* KU Mudansha als D\u00f4j\u00f4leiter<\/p>\n\n\n<p><\/p>\n","protected":false},"excerpt":{"rendered":"<p>Auf dieser Seite finden Sie eine \u00dcbersicht\u00a0aktiver und offiziell registrierter KU d\u00f4j\u00f4 und study groups in grafischer Darstellung und alphabetischer Reihenfolge des Trainingsortes. webkitAllowFullScreen mozallowfullscreen allowFullScreen&gt; Deutsche Vertretung des Kory\u00fb Uchin\u00e2di (Augsburg, Bayern)shibu ch\u00f4: Olaf KreyInternetauftritt: www.ku-germany.de\/ Kory\u00fbkan Bayreuth, Bayern &hellip;<\/p>\n<p class=\"read-more\"> <a class=\"more-link\" href=\"https:\/\/www.ku-germany.de\/wordpress\/?page_id=109\"> <span class=\"screen-reader-text\">KU Germany<\/span> Weiterlesen &raquo;<\/a><\/p>\n","protected":false},"author":1,"featured_media":177,"parent":33,"menu_order":0,"comment_status":"closed","ping_status":"closed","template":"full-width-page.php","meta":{"footnotes":""},"class_list":["post-109","page","type-page","status-publish","has-post-thumbnail","hentry"],"_links":{"self":[{"href":"https:\/\/www.ku-germany.de\/wordpress\/index.php?rest_route=\/wp\/v2\/pages\/109","targetHints":{"allow":["GET"]}}],"collection":[{"href":"https:\/\/www.ku-germany.de\/wordpress\/index.php?rest_route=\/wp\/v2\/pages"}],"about":[{"href":"https:\/\/www.ku-germany.de\/wordpress\/index.php?rest_route=\/wp\/v2\/types\/page"}],"author":[{"embeddable":true,"href":"https:\/\/www.ku-germany.de\/wordpress\/index.php?rest_route=\/wp\/v2\/users\/1"}],"replies":[{"embeddable":true,"href":"https:\/\/www.ku-germany.de\/wordpress\/index.php?rest_route=%2Fwp%2Fv2%2Fcomments&post=109"}],"version-history":[{"count":101,"href":"https:\/\/www.ku-germany.de\/wordpress\/index.php?rest_route=\/wp\/v2\/pages\/109\/revisions"}],"predecessor-version":[{"id":2436,"href":"https:\/\/www.ku-germany.de\/wordpress\/index.php?rest_route=\/wp\/v2\/pages\/109\/revisions\/2436"}],"up":[{"embeddable":true,"href":"https:\/\/www.ku-germany.de\/wordpress\/index.php?rest_route=\/wp\/v2\/pages\/33"}],"wp:featuredmedia":[{"embeddable":true,"href":"https:\/\/www.ku-germany.de\/wordpress\/index.php?rest_route=\/"}],"wp:attachment":[{"href":"https:\/\/www.ku-germany.de\/wordpress\/index.php?rest_route=%2Fwp%2Fv2%2Fmedia&parent=109"}],"curies":[{"name":"wp","href":"https:\/\/api.w.org\/{rel}","templated":true}]}}