{"id":1714,"date":"2018-05-21T14:50:45","date_gmt":"2018-05-21T12:50:45","guid":{"rendered":"http:\/\/www.ku-germany.de\/wordpress\/index.php\/?page_id=1714"},"modified":"2018-05-30T21:05:04","modified_gmt":"2018-05-30T19:05:04","slug":"datenschutzerklaerung","status":"publish","type":"page","link":"https:\/\/www.ku-germany.de\/wordpress\/?page_id=1714","title":{"rendered":"Datenschutzerkl\u00e4rung"},"content":{"rendered":"<header class=\"entry-header\"><\/header>\n<div class=\"entry-content\">\n<h3 style=\"text-align: justify;\">Benennung der verantwortlichen Stelle<\/h3>\n<p style=\"text-align: justify;\">Die verantwortliche Stelle f\u00fcr die Datenverarbeitung auf dieser Website ist:<\/p>\n<p style=\"text-align: justify;\">Olaf Krey<br \/>\nHerweghstr. 99<br \/>\n06114 Halle\/S.<br \/>\neMail: olaf.krey(at)ku-germany.de<\/p>\n<p style=\"text-align: justify;\">Die verantwortliche Stelle entscheidet allein oder gemeinsam mit anderen \u00fcber die Zwecke und Mittel der Verarbeitung von personenbezogenen Daten (z.B. Namen, Kontaktdaten o. \u00e4.).<\/p>\n<h3 style=\"text-align: justify;\">Arten der verarbeiteten Daten<\/h3>\n<p style=\"text-align: justify;\">Folgende Daten werden auf dieser Website verarbeitet, sofern Sie von Ihnen eingegeben wurden:<\/p>\n<ul style=\"text-align: justify;\">\n<li>Bestandsdaten (Namen),<\/li>\n<li>Kontaktdaten (z.B., E-Mail, Telefonnummern),<\/li>\n<li>Inhaltsdaten (z.B. Texteingaben),<\/li>\n<li>Nutzungsdaten (z.B. besuchte Webseiten, Interesse an Inhalten, Zugriffszeiten),<\/li>\n<li>Meta-\/Kommunikationsdaten (z.B. Ger\u00e4te-Informationen, verwendeter Browser,\u00a0 IP-Adressen).<\/li>\n<\/ul>\n<div style=\"text-align: justify;\">\n<h3>Verarbeitung besonderer Kategorien von Daten (Art. 9 Abs. 1 DSGVO)<\/h3>\n<p>Es werden grunds\u00e4tzlich keine besonderen Kategorien von Daten verarbeitet, au\u00dfer diese werden durch die Nutzer der Verarbeitung zugef\u00fchrt, z.B. in Onlineformularen eingegeben. In diesem Fall werden die Daten ein Jahr gespeichert und ggf. auch durch beauftragte Dritte verarbeitet, um eine benannte Dienstleistung zu erbringen.<\/p>\n<\/div>\n<div style=\"text-align: justify;\">\n<h3>Kategorien der von der Verarbeitung betroffenen Personen<\/h3>\n<p>Besucher und Nutzer unseres Onlineangebotes sind von der Erhebung und Verarbeitung oben genannter Daten betroffen.<\/p>\n<\/div>\n<div style=\"text-align: justify;\">\n<h3>Zweck der Verarbeitung<\/h3>\n<p>Die Daten werden erhoben, um<\/p>\n<ul>\n<li>das Onlineangebote, mit den gegebenen Inhalten und Funktionen zur Verf\u00fcgung zu stellen,<\/li>\n<li>Kontaktanfragen zu beantworten und die Kommunikation mit Nutzern zu erm\u00f6glichen,<\/li>\n<li>gew\u00fcnschte Leistungen zu erbringen (Anmeldung und Buchung Sommercamp)<\/li>\n<li>Sicherheitsma\u00dfnahmen zu gew\u00e4hrleisten.<\/li>\n<\/ul>\n<\/div>\n<h3 style=\"text-align: justify;\">Widerruf Ihrer Einwilligung zur Datenverarbeitung<\/h3>\n<p style=\"text-align: justify;\">Nur mit Ihrer ausdr\u00fccklichen Einwilligung sind einige Vorg\u00e4nge der Datenverarbeitung m\u00f6glich. Ein Widerruf Ihrer bereits erteilten Einwilligung ist jederzeit m\u00f6glich. F\u00fcr den Widerruf gen\u00fcgt eine formlose Mitteilung per E-Mail. Die Rechtm\u00e4\u00dfigkeit der bis zum Widerruf erfolgten Datenverarbeitung bleibt vom Widerruf unber\u00fchrt.<\/p>\n<h3 style=\"text-align: justify;\">Recht auf Beschwerde bei der zust\u00e4ndigen Aufsichtsbeh\u00f6rde<\/h3>\n<p style=\"text-align: justify;\">Als Betroffener steht Ihnen im Falle eines datenschutzrechtlichen Versto\u00dfes ein Beschwerderecht bei der zust\u00e4ndigen Aufsichtsbeh\u00f6rde zu. Zust\u00e4ndige Aufsichtsbeh\u00f6rde bez\u00fcglich datenschutzrechtlicher Fragen ist der Landesdatenschutzbeauftragte des Bundeslandes, in dem sich der Sitz unseres Unternehmens befindet. Der folgende Link stellt eine Liste der Datenschutzbeauftragten sowie deren Kontaktdaten bereit:\u00a0<a href=\"https:\/\/www.bfdi.bund.de\/DE\/Infothek\/Anschriften_Links\/anschriften_links-node.html\" target=\"_blank\" rel=\"noopener\">https:\/\/www.bfdi.bund.de\/DE\/Infothek\/Anschriften_Links\/anschriften_links-node.html<\/a>.<\/p>\n<h3 style=\"text-align: justify;\">Recht auf Daten\u00fcbertragbarkeit<\/h3>\n<p style=\"text-align: justify;\">Ihnen steht das Recht zu, Daten, die wir auf Grundlage Ihrer Einwilligung oder in Erf\u00fcllung eines Vertrags automatisiert verarbeiten, an sich oder an Dritte aush\u00e4ndigen zu lassen. Die Bereitstellung erfolgt in einem maschinenlesbaren Format. Sofern Sie die direkte \u00dcbertragung der Daten an einen anderen Verantwortlichen verlangen, erfolgt dies nur, soweit es technisch machbar ist.<\/p>\n<h3 style=\"text-align: justify;\">Zusammenarbeit mit Dritten<\/h3>\n<p style=\"text-align: justify;\">Sofern wir im Rahmen unserer Verarbeitung Daten an anderen Personen und Unternehmen (Auftragsverarbeitern oder Dritten) \u00fcbermitteln oder Ihnen Zugriff auf die Daten gew\u00e4hren, erfolgt dies nur auf Grundlage einer gesetzlichen Erlaubnis (z.B. wenn eine \u00dcbermittlung der Daten an Dritte gem. Art. 6 Abs. 1 lit. b DSGVO zur Vertragserf\u00fcllung erforderlich ist), Sie eingewilligt haben, eine rechtliche Verpflichtung dies vorsieht oder auf Grundlage unserer berechtigten Interessen (z.B. beim Einsatz von Beauftragten, Webhostern, etc.).<\/p>\n<p style=\"text-align: justify;\">Sofern wir Dritte mit der Verarbeitung von Daten auf Grundlage eines sog. \u201eAuftragsverarbeitungsvertrages\u201c beauftragen, geschieht dies auf Grundlage des Art. 28 DSGVO.<\/p>\n<h3 style=\"text-align: justify;\">\u00dcbermittlungen in Drittl\u00e4nder<\/h3>\n<p style=\"text-align: justify;\">Sofern wir Daten in einem Drittland (d.h. au\u00dferhalb der Europ\u00e4ischen Union (EU) oder des Europ\u00e4ischen Wirtschaftsraums (EWR)) verarbeiten oder dies im Rahmen der Inanspruchnahme von Diensten Dritter oder Offenlegung, bzw. \u00dcbermittlung von Daten an Dritte geschieht, erfolgt dies nur, wenn es zur Erf\u00fcllung unserer (vor)vertraglichen Pflichten, auf Grundlage Ihrer Einwilligung, aufgrund einer rechtlichen Verpflichtung oder auf Grundlage unserer berechtigten Interessen geschieht. Vorbehaltlich gesetzlicher oder vertraglicher Erlaubnisse, verarbeiten oder lassen wir die Daten in einem Drittland nur beim Vorliegen der besonderen Voraussetzungen der Art. 44 ff. DSGVO verarbeiten. D.h. die Verarbeitung erfolgt z.B. auf Grundlage besonderer Garantien, wie der offiziell anerkannten Feststellung eines der EU entsprechenden Datenschutzniveaus (z.B. f\u00fcr die USA durch das \u201ePrivacy Shield\u201c) oder Beachtung offiziell anerkannter spezieller vertraglicher Verpflichtungen (so genannte \u201eStandardvertragsklauseln\u201c).<\/p>\n<h3 style=\"text-align: justify;\">Server-Log-Dateien<\/h3>\n<p style=\"text-align: justify;\">In Server-Log-Dateien erhebt und speichert der Provider der Website automatisch Informationen, die Ihr Browser automatisch an uns \u00fcbermittelt. Dies sind:<\/p>\n<ul style=\"text-align: justify;\">\n<li>Browsertyp und Browserversion<\/li>\n<li>Verwendetes Betriebssystem<\/li>\n<li>Referrer URL<\/li>\n<li>Hostname des zugreifenden Rechners<\/li>\n<li>Uhrzeit der Serveranfrage<\/li>\n<li>IP-Adresse<\/li>\n<\/ul>\n<p style=\"text-align: justify;\">Es findet keine Zusammenf\u00fchrung dieser Daten mit anderen Datenquellen statt. Die in den Logfiles gespeicherten IP-Adressen werden nach sieben Tagen anonymisiert. Grundlage der Datenverarbeitung bildet Art. 6 Abs. 1 lit. b DSGVO, der die Verarbeitung von Daten zur Erf\u00fcllung eines Vertrags oder vorvertraglicher Ma\u00dfnahmen gestattet.<\/p>\n<h3 style=\"text-align: justify;\">Kontakt<\/h3>\n<p style=\"text-align: justify;\">\u00dcber das Kontaktformular eingegebene Daten und bei Kontakt per eMail \u00fcbermittelte Daten werden einschlie\u00dflich Ihrer Kontaktdaten gespeichert, um Ihre Anfrage bearbeiten zu k\u00f6nnen oder um f\u00fcr Anschlussfragen bereitzustehen. Eine Weitergabe dieser Daten findet ohne Ihre Einwilligung nicht statt.<\/p>\n<p style=\"text-align: justify;\">Die Verarbeitung der in der eMail enthaltenen Daten erfolgt ausschlie\u00dflich auf Grundlage Ihrer Einwilligung (Art. 6 Abs. 1 lit. a DSGVO). Ein Widerruf Ihrer bereits erteilten Einwilligung ist jederzeit m\u00f6glich. F\u00fcr den Widerruf gen\u00fcgt eine formlose Mitteilung per E-Mail. Die Rechtm\u00e4\u00dfigkeit der bis zum Widerruf erfolgten Datenverarbeitungsvorg\u00e4nge bleibt vom Widerruf unber\u00fchrt.<\/p>\n<p style=\"text-align: justify;\">Per eMail \u00fcbermittelte Daten verbleiben bei uns, bis Sie uns zur L\u00f6schung auffordern, Ihre Einwilligung zur Speicherung widerrufen oder keine Notwendigkeit der Datenspeicherung mehr besteht. Zwingende gesetzliche Bestimmungen \u2013 insbesondere Aufbewahrungsfristen \u2013 bleiben unber\u00fchrt.<\/p>\n<h3 style=\"text-align: justify;\">YouTube<\/h3>\n<p style=\"text-align: justify;\">F\u00fcr Integration und Darstellung von Videoinhalten nutzt unsere Website Plugins von YouTube. Anbieter des Videoportals ist die YouTube, LLC, 901 Cherry Ave., San Bruno, CA 94066, USA.<\/p>\n<p style=\"text-align: justify;\">Bei Aufruf einer Seite mit integriertem YouTube-Plugin wird eine Verbindung zu den Servern von YouTube hergestellt. YouTube erf\u00e4hrt hierdurch, welche unserer Seiten Sie aufgerufen haben.<\/p>\n<p style=\"text-align: justify;\">YouTube kann Ihr Surfverhalten direkt Ihrem pers\u00f6nlichen Profil zuzuordnen, sollten Sie in Ihrem YouTube Konto eingeloggt sein. Durch vorheriges Ausloggen haben Sie die M\u00f6glichkeit, dies zu unterbinden.<\/p>\n<p style=\"text-align: justify;\">Die Nutzung von YouTube erfolgt im Interesse einer ansprechenden Darstellung unserer Online-Angebote. Dies stellt ein berechtigtes Interesse im Sinne von Art. 6 Abs. 1 lit. f DSGVO dar.<\/p>\n<p style=\"text-align: justify;\">Einzelheiten zum Umgang mit Nutzerdaten finden Sie in der Datenschutzerkl\u00e4rung von YouTube unter:\u00a0<a href=\"https:\/\/www.google.de\/intl\/de\/policies\/privacy\" target=\"_blank\" rel=\"noopener\">https:\/\/www.google.de\/intl\/de\/policies\/privacy<\/a>. Opt-Out:\u00a0<a href=\"https:\/\/adssettings.google.com\/authenticated\" target=\"_blank\" rel=\"noopener\">https:\/\/adssettings.google.com\/authenticated<\/a>.<\/p>\n<h3 style=\"text-align: justify;\">Cookies<\/h3>\n<p style=\"text-align: justify;\">Unsere Website verwendet Cookies. Das sind kleine Textdateien, die Ihr Webbrowser auf Ihrem Endger\u00e4t speichert. Cookies helfen uns dabei, unser Angebot nutzerfreundlicher, effektiver und sicherer zu machen.<\/p>\n<p style=\"text-align: justify;\">Einige Cookies sind \u201cSession-Cookies.\u201d Solche Cookies werden nach Ende Ihrer Browser-Sitzung von selbst gel\u00f6scht. Hingegen bleiben andere Cookies auf Ihrem Endger\u00e4t bestehen, bis Sie diese selbst l\u00f6schen. Solche Cookies helfen uns, Sie bei R\u00fcckkehr auf unserer Website wiederzuerkennen.<\/p>\n<p style=\"text-align: justify;\">Mit einem modernen Webbrowser k\u00f6nnen Sie das Setzen von Cookies \u00fcberwachen, einschr\u00e4nken oder unterbinden. Viele Webbrowser lassen sich so konfigurieren, dass Cookies mit dem Schlie\u00dfen des Programms von selbst gel\u00f6scht werden. Die Deaktivierung von Cookies kann eine eingeschr\u00e4nkte Funktionalit\u00e4t unserer Website zur Folge haben.<\/p>\n<p style=\"text-align: justify;\">Das Setzen von Cookies, die zur Aus\u00fcbung elektronischer Kommunikationsvorg\u00e4nge oder der Bereitstellung bestimmter, von Ihnen erw\u00fcnschter Funktionen (z.B. Warenkorb) notwendig sind, erfolgt auf Grundlage von Art. 6 Abs. 1 lit. f DSGVO. Als Betreiber dieser Website haben wir ein berechtigtes Interesse an der Speicherung von Cookies zur technisch fehlerfreien und reibungslosen Bereitstellung unserer Dienste. Sofern die Setzung anderer Cookies (z.B. f\u00fcr Analyse-Funktionen) erfolgt, werden diese in dieser Datenschutzerkl\u00e4rung separat behandelt.<\/p>\n<p style=\"text-align: justify;\">\u00dcber den Einsatz von Cookies im Rahmen pseudonymer Reichweitenmessung werden die Nutzer im Rahmen dieser Datenschutzerkl\u00e4rung informiert.<\/p>\n<p style=\"text-align: justify;\">Sie k\u00f6nnen dem Einsatz von Cookies, die der Reichweitenmessung und Werbezwecken dienen, \u00fcber die Deaktivierungsseite der Netzwerkwerbeinitiative (<a href=\"http:\/\/optout.networkadvertising.org\/\" target=\"_blank\" rel=\"noopener\">http:\/\/optout.networkadvertising.org\/<\/a>) und zus\u00e4tzlich die US-amerikanische Webseite (<a href=\"http:\/\/www.aboutads.info\/choices\" target=\"_blank\" rel=\"noopener\">http:\/\/www.aboutads.info\/choices<\/a>)[nbsp]oder die europ\u00e4ische Webseite (<a href=\"http:\/\/www.youronlinechoices.com\/uk\/your-ad-choices\/\" target=\"_blank\" rel=\"noopener\">http:\/\/www.youronlinechoices.com\/uk\/your-ad-choices\/<\/a>) widersprechen.<\/p>\n<h3 style=\"text-align: justify;\">\u00c4nderung unserer Datenschutzbestimmungen<\/h3>\n<p style=\"text-align: justify;\">Wir behalten uns vor, diese Datenschutzerkl\u00e4rung anzupassen, damit sie stets den aktuellen rechtlichen Anforderungen entspricht oder um \u00c4nderungen unserer Leistungen in der Datenschutzerkl\u00e4rung umzusetzen, z.B. bei der Einf\u00fchrung neuer Services. F\u00fcr Ihren erneuten Besuch gilt dann die neue Datenschutzerkl\u00e4rung.<\/p>\n<p style=\"text-align: justify;\"><em>Quelle: Datenschutz-Konfigurator von\u00a0<a href=\"http:\/\/www.mein-datenschutzbeauftragter.de\/\" target=\"_blank\" rel=\"noopener\">mein-datenschutzbeauftragter.de<\/a><\/em><\/p>\n<\/div>\n","protected":false},"excerpt":{"rendered":"<p>Benennung der verantwortlichen Stelle Die verantwortliche Stelle f\u00fcr die Datenverarbeitung auf dieser Website ist: Olaf Krey Herweghstr. 99 06114 Halle\/S. eMail: olaf.krey(at)ku-germany.de Die verantwortliche Stelle entscheidet allein oder gemeinsam mit anderen \u00fcber die Zwecke und Mittel der Verarbeitung von personenbezogenen &hellip;<\/p>\n<p class=\"read-more\"> <a class=\"more-link\" href=\"https:\/\/www.ku-germany.de\/wordpress\/?page_id=1714\"> <span class=\"screen-reader-text\">Datenschutzerkl\u00e4rung<\/span> Weiterlesen &raquo;<\/a><\/p>\n","protected":false},"author":2,"featured_media":0,"parent":0,"menu_order":0,"comment_status":"closed","ping_status":"closed","template":"full-width-page.php","meta":{"footnotes":""},"class_list":["post-1714","page","type-page","status-publish","hentry"],"_links":{"self":[{"href":"https:\/\/www.ku-germany.de\/wordpress\/index.php?rest_route=\/wp\/v2\/pages\/1714","targetHints":{"allow":["GET"]}}],"collection":[{"href":"https:\/\/www.ku-germany.de\/wordpress\/index.php?rest_route=\/wp\/v2\/pages"}],"about":[{"href":"https:\/\/www.ku-germany.de\/wordpress\/index.php?rest_route=\/wp\/v2\/types\/page"}],"author":[{"embeddable":true,"href":"https:\/\/www.ku-germany.de\/wordpress\/index.php?rest_route=\/wp\/v2\/users\/2"}],"replies":[{"embeddable":true,"href":"https:\/\/www.ku-germany.de\/wordpress\/index.php?rest_route=%2Fwp%2Fv2%2Fcomments&post=1714"}],"version-history":[{"count":8,"href":"https:\/\/www.ku-germany.de\/wordpress\/index.php?rest_route=\/wp\/v2\/pages\/1714\/revisions"}],"predecessor-version":[{"id":1821,"href":"https:\/\/www.ku-germany.de\/wordpress\/index.php?rest_route=\/wp\/v2\/pages\/1714\/revisions\/1821"}],"wp:attachment":[{"href":"https:\/\/www.ku-germany.de\/wordpress\/index.php?rest_route=%2Fwp%2Fv2%2Fmedia&parent=1714"}],"curies":[{"name":"wp","href":"https:\/\/api.w.org\/{rel}","templated":true}]}}